{"id":1130,"date":"2012-08-31T18:01:37","date_gmt":"2012-08-31T20:01:37","guid":{"rendered":"http:\/\/cmca.srv.br\/blogmax\/?page_id=1130"},"modified":"2014-01-21T15:52:33","modified_gmt":"2014-01-21T17:52:33","slug":"gestao-da-informacao-e-do-conhecimento-ampla","status":"publish","type":"page","link":"https:\/\/max.pro.br\/?page_id=1130","title":{"rendered":"Gest\u00e3o da Informa\u00e7\u00e3o e do Conhecimento Ampla"},"content":{"rendered":"<p style=\"text-align: right;\"><a href=\"?page_id=165\">Outros projetos<\/a><\/p>\n<p>Este projeto pretende discutir a aplia\u00e7\u00e3o dos conceitos usados na Gest\u00e3o do Conhecimento (organizacional), na Psicologia Social e em outras \u00e1reas para fundamentar a proposi\u00e7\u00e3o de uma GIC ampla, aplicada em outros contextos al\u00e9m do organizacional.<\/p>\n<p><span style=\"text-decoration: underline;\"><strong>Produ\u00e7\u00e3o<br \/>\n<\/strong><\/span><\/p>\n<ul>\n<li>CARVALHO, Frederico Aisc; <a title=\"Plataforma LATTES\" href=\"http:\/\/buscatextual.cnpq.br\/buscatextual\/visualizacv.do?metodo=apresentar&amp;id=K4783482H4\" target=\"_blank\">GOULART, \u00cdris Barbosa<\/a>; MATTOS, Max Cirino de. <a title=\"Artigo na Perspectivas em Gest\u00e3o e Conhecimento\" href=\"_arquivos\/2013-PGC.pdf\" target=\"_blank\">Construindo o Conhecimento: um caminho sugerido pela Psicologia e pela Ci\u00eancia da Informa\u00e7\u00e3o<\/a>. <a title=\"Perspectivas em Gestao &amp; Conhecimento\" href=\"http:\/\/periodicos.ufpb.br\/ojs2\/index.php\/pgc\/index\" target=\"_blank\"><em>Perspectivas em Gest\u00e3o &amp; Conhecimento<\/em><\/a>, Jo\u00e3o Pessoa, n. esp., v. 3, p.18-29, 2013. ISSN 2236-417X<\/li>\n<\/ul>\n<ul>\n<li>MATTOS, Max Cirino de; <a title=\"Plataforma LATTES\" href=\"http:\/\/buscatextual.cnpq.br\/buscatextual\/visualizacv.do?metodo=apresentar&amp;id=K4783482H4\" target=\"_blank\">GOULART, \u00cdris Barbosa<\/a>. <a title=\"Da possibilidade de uma GIC ampla: reflex\u00f5es iniciais entre a Ci\u00eancia da Informa\u00e7\u00e3o e a Psicologia Social\" href=\"http:\/\/www.cmca.srv.br\/blogmax\/_arquivos\/2012-PGC.pdf\" target=\"_blank\">Da possibilidade de uma GIC ampla: reflex\u00f5es iniciais entre a Ci\u00eancia da Informa\u00e7\u00e3o e a Psicologia Social<\/a>. <a title=\"Perspectivas em Gestao &amp; Conhecimento\" href=\"http:\/\/periodicos.ufpb.br\/ojs2\/index.php\/pgc\/index\" target=\"_blank\"><em>Perspectivas em Gest\u00e3o &amp; Conhecimento<\/em><\/a>, Jo\u00e3o Pessoa, n.2, v. 2, p.65-81, jul\/dez. 2012.<\/li>\n<\/ul>\n<ul>\n<li>MATTOS, Max Cirino de. <a title=\"O papel da tecnologia na constru\u00e7\u00e3o do conhecimento\" href=\"http:\/\/www.cmca.srv.br\/blogmax\/_arquivos\/2012-NAVUS.pdf\" target=\"_blank\">O papel da tecnologia na constru\u00e7\u00e3o do conhecimento<\/a>. <em>NAVUS &#8211; Revista de Gest\u00e3o e Tecnologia<\/em>. Florian\u00f3polis, v. 2, n. 2, p. 33 &#8211; 39, jul.\/dez. 2012<\/li>\n<\/ul>\n<ul>\n<li><a title=\"Plataforma LATTES\" href=\"http:\/\/buscatextual.cnpq.br\/buscatextual\/visualizacv.do?metodo=apresentar&amp;id=K4783482H4\" target=\"_blank\">GOULART, \u00cdris Barbosa<\/a>; MATTOS, Max Cirino de. <a title=\"Uma abordagem informacional do mundo\" href=\"http:\/\/www.cmca.srv.br\/blogmax\/_arquivos\/ENANCIB2012_GT4.pdf\" target=\"_blank\">Uma abordagem informacional do mundo: reflex\u00f5es iniciais a partir de uma GIC ampla<\/a>. In: XIII ENANCIB<strong> \u2013 <\/strong><em>Encontro Nacional de Pesquisa em Ci\u00eancia da Informa\u00e7\u00e3o<\/em>, 2012. Rio de Janeiro. <em>Anais<\/em>&#8230; Rio de Janeiro: Funda\u00e7\u00e3o Oswaldo Cruz, 2012. (<a title=\"Uma abordagem informacional do mundo\" href=\"http:\/\/prezi.com\/yjblovty6phs\/uma-abordagem-informacional-do-mundo\/\" target=\"_blank\">Apresenta\u00e7\u00e3o no <em>PREZI<\/em><\/a>)<\/li>\n<\/ul>\n<p><strong><span style=\"text-decoration: underline;\">Outros materiais<\/span><\/strong><\/p>\n<ul>\n<li><a title=\"GIC \u2013 Gest\u00e3o da Informa\u00e7\u00e3o e do Conhecimento\" href=\"?page_id=117\">GIC &#8211; disciplina<\/a><\/li>\n<li><a title=\"Publicado artigo na Perspectivas em Gest\u00e3o &amp; Conhecimento !\" href=\"?p=1361\">Publica\u00e7\u00e3o de artigo na Revista Perspectivas em Gest\u00e3o e Conhecimento<\/a><\/li>\n<li><a title=\"Artigo aceito!\" href=\"?p=1202\" target=\"_blank\">Aceite de artigo na Revista Perspectivas em Gest\u00e3o &amp; Conhecimento<\/a><\/li>\n<li><a title=\"Uma estrutura universal?\" href=\"?p=1144\">Uma estrutura universal?<\/a><\/li>\n<li><a title=\"O primeiro publicado!\" href=\"?p=1218\">Publica\u00e7\u00e3o de artigo na Revista NAVUS &#8211; Gest\u00e3o e Tecnologia<\/a><\/li>\n<li><a title=\"Artigo aceito!\" href=\"?p=1107\">Aceite de artigo na Revista NAVUS &#8211; Gest\u00e3o e Tecnologia<\/a><\/li>\n<li><a title=\"Mais uma boa not\u00edcia: GT4 do ENANCIB\" href=\"?p=1118\">Aprova\u00e7\u00e3o de apresenta\u00e7\u00e3o oral no GT4 do XIII ENANCIB, 2012, Rio de Janeiro<\/a><\/li>\n<\/ul>\n<p><a href=\"?page_id=165\">Outros projetos<\/a><\/p>\n","protected":false},"excerpt":{"rendered":"<p>Outros projetos Este projeto pretende discutir a aplia\u00e7\u00e3o dos conceitos usados na Gest\u00e3o do Conhecimento (organizacional), na Psicologia Social e &hellip; <span class=\"more-link\"><a href=\"https:\/\/max.pro.br\/?page_id=1130\">Continue Reading<\/a><\/span><\/p>\n","protected":false},"author":1,"featured_media":0,"parent":0,"menu_order":0,"comment_status":"open","ping_status":"open","template":"","meta":{"footnotes":""},"class_list":["post-1130","page","type-page","status-publish","hentry"],"_links":{"self":[{"href":"https:\/\/max.pro.br\/index.php?rest_route=\/wp\/v2\/pages\/1130","targetHints":{"allow":["GET"]}}],"collection":[{"href":"https:\/\/max.pro.br\/index.php?rest_route=\/wp\/v2\/pages"}],"about":[{"href":"https:\/\/max.pro.br\/index.php?rest_route=\/wp\/v2\/types\/page"}],"author":[{"embeddable":true,"href":"https:\/\/max.pro.br\/index.php?rest_route=\/wp\/v2\/users\/1"}],"replies":[{"embeddable":true,"href":"https:\/\/max.pro.br\/index.php?rest_route=%2Fwp%2Fv2%2Fcomments&post=1130"}],"version-history":[{"count":5,"href":"https:\/\/max.pro.br\/index.php?rest_route=\/wp\/v2\/pages\/1130\/revisions"}],"predecessor-version":[{"id":1998,"href":"https:\/\/max.pro.br\/index.php?rest_route=\/wp\/v2\/pages\/1130\/revisions\/1998"}],"wp:attachment":[{"href":"https:\/\/max.pro.br\/index.php?rest_route=%2Fwp%2Fv2%2Fmedia&parent=1130"}],"curies":[{"name":"wp","href":"https:\/\/api.w.org\/{rel}","templated":true}]}}