{"id":347,"date":"2012-06-25T21:13:43","date_gmt":"2012-06-25T23:13:43","guid":{"rendered":"http:\/\/cmca.srv.br\/blogmax\/?page_id=347"},"modified":"2014-05-02T15:20:57","modified_gmt":"2014-05-02T17:20:57","slug":"bibliografia-gic","status":"publish","type":"page","link":"https:\/\/max.pro.br\/?page_id=347","title":{"rendered":"GIC &#8211; Bibliografia"},"content":{"rendered":"<p style=\"text-align: right;\"><span style=\"font-size: xx-small;\"><strong><a href=\"?page_id=117\">INTRODU\u00c7\u00c3O<\/a> &#8211; <a href=\"?page_id=370\">DISCIPLINA<\/a> &#8211; <em><span style=\"color: #ff0000;\">BIBLIOGRAFIA <\/span><\/em>&#8211; <a href=\"?page_id=353\">AVALIA\u00c7\u00c3O<\/a> &#8211; <a href=\"?page_id=653\">DEPOIMENTOS<\/a><\/strong><\/span><\/p>\n<p><span style=\"text-decoration: underline;\"><strong title=\"Distribui\u00e7\u00e3o de pontos \u2013 GIC\">Bibliografia introdut\u00f3ria<\/strong><\/span><\/p>\n<p style=\"padding-left: 30px;\">MATTOS, Max Cirino de;\u00a0<a title=\"Plataforma LATTES\" href=\"http:\/\/buscatextual.cnpq.br\/buscatextual\/visualizacv.do?metodo=apresentar&amp;id=K4783482H4\" target=\"_blank\">GOULART, \u00cdris Barbosa<\/a>. <a title=\"Da possibilidade de uma GIC ampla: reflex\u00f5es iniciais entre a Ci\u00eancia da Informa\u00e7\u00e3o e a Psicologia Social\" href=\"_arquivos\/2012-PGC.pdf\" target=\"_blank\">Da possibilidade de uma GIC ampla: reflex\u00f5es iniciais entre a Ci\u00eancia da Informa\u00e7\u00e3o e a Psicologia Social<\/a>. <a title=\"Perspectivas em Gestao &amp; Conhecimento\" href=\"http:\/\/periodicos.ufpb.br\/ojs2\/index.php\/pgc\/index\" target=\"_blank\"><em>Perspectivas em Gest\u00e3o &amp; Conhecimento<\/em><\/a>, Jo\u00e3o Pessoa, n.2, v. 2, p.65-81, jul\/dez. 2012. (<a title=\"Uma abordagem informacional do mundo\" href=\"http:\/\/prezi.com\/yjblovty6phs\/uma-abordagem-informacional-do-mundo\/\" target=\"_blank\">Apresenta\u00e7\u00e3o no <em>PREZI<\/em><\/a>)<\/p>\n<p style=\"padding-left: 30px;\"><span style=\"color: #000000;\">FAYARD, Pierre. <a href=\"http:\/\/pt.wikipedia.org\/wiki\/Pierre_Fayard\" target=\"_blank\">O inovador modelo japon\u00eas de gest\u00e3o do conhecimento<\/a>. Porto Alegre<\/span><span style=\"color: #000000;\">: Bookman, 2010.<\/span><\/p>\n<p style=\"padding-left: 30px;\">LEIT\u00c3O, Dorodame Moura. <a href=\"http:\/\/revista.ibict.br\/ciinf\/index.php\/ciinf\/article\/viewFile\/1178\/821\" target=\"_blank\">A informa\u00e7\u00e3o como insumo estrat\u00e9gico<\/a>. <em>Ci\u00eancia da Informa\u00e7\u00e3o<\/em>, v. 22, n. 2, p. 118-123, 1993<\/p>\n<p style=\"padding-left: 30px;\">KIMBLE, C. <a href=\"http:\/\/informationr.net\/ir\/18-2\/paper577.html#.UcQ4-vmh081\" target=\"_blank\">Knowledge management, codification and tacit knowledge<\/a>. <em>Information Research<\/em>, v. 18, n. 2, 2013. paper 577<\/p>\n<p style=\"padding-left: 30px;\">BARBOSA, Ricardo Rodrigues. <a title=\"Clique para acessar o arquivo pdf\" href=\"http:\/\/www.sumarios.org\/sites\/default\/files\/pdfs\/53687_6257.PDF\" target=\"_blank\">Gest\u00e3o da Informa\u00e7\u00e3o e do Conhecimento: origens, pol\u00eamicas e perspectivas<\/a>. <em>Inf. Inf<\/em>., Londrina, v. 13, n. esp., p. 1-25, 2008.<\/p>\n<p style=\"padding-left: 30px;\">CHOO, Chun Wei. <a title=\"Clique para acessar informa\u00e7\u00f5es sobre o livro\" href=\"http:\/\/www.editorasenacsp.com.br\/portal\/produto.do?appAction=vwProdutoDetalhe&amp;idProduto=20039\" target=\"_blank\"><em>A organiza\u00e7\u00e3o do conhecimento:<\/em> como as organiza\u00e7\u00f5es usam a informa\u00e7\u00e3o para criar significado, construir conhecimento e tomar decis\u00f5es<\/a>. 2\u00aa ed., S\u00e3o Paulo: Editora Senac, 2006.<\/p>\n<p style=\"padding-left: 30px;\">PAIM, I.; BARBOSA, R. R.; BAX, M. P.; PINHEIRO, M. M. K.; FERREIRA, M. A. T.; NEVES, J. T. de R.; CEND\u00d3N, B. V.; BORGES, M. E. N. <em>A gest\u00e3o da informa\u00e7\u00e3o e do conhecimento<\/em>. Belo Horizonte: ECI \/ UFMG, 2003. v. 1. 306 p. (<a href=\"mailto:pci@eci.ufmg.br?subject=Compra do livro&amp;body=Por sugest\u00e3o do professor Max Cirino de Mattos, gostaria de receber informa\u00e7\u00f5es sobre como adquirir exemplar do livro   PAIM, I.; BARBOSA, R. R.; BAX, M. P.; PINHEIRO, M. M. K.; FERREIRA, M. A. T.; NEVES, J. T. de R.; CEND\u00d3N, B. V.; BORGES, M. E. N. A gest\u00e3o da informa\u00e7\u00e3o e do conhecimento. Belo Horizonte: ECI \/ UFMG, 2003. v. 1. 306 p.\">pci@eci.ufmg.br<\/a>)<\/p>\n<p><span style=\"text-decoration: underline;\"><strong>Bibliografia complementar (textos para resenhas)<\/strong><\/span><\/p>\n<p style=\"padding-left: 30px;\">ALVARENGA NETO, Rivad\u00e1via Drummont de; BARBOSA, Ricardo Rodrigues; PEREIRA, Heitor Jos\u00e9. <a title=\"Gest\u00e3o do Conhecimento ou Gest\u00e3o de Organiza\u00e7\u00f5es da Era do Conhecimento? Um ensaio te\u00f3rico-pr\u00e1tico a partir de interven\u00e7\u00f5es na realidade brasileira\" href=\"http:\/\/portaldeperiodicos.eci.ufmg.br\/index.php\/pci\/article\/view\/246\/34\" target=\"_blank\">Gest\u00e3o do Conhecimento ou Gest\u00e3o de Organiza\u00e7\u00f5es da Era do Conhecimento? Um ensaio te\u00f3rico-pr\u00e1tico a partir de interven\u00e7\u00f5es na realidade brasileira. <\/a><em>Perspectivas em Ci\u00eancia da Informa\u00e7\u00e3o<\/em>, Belo Horizonte, v. 12, n.1, 2007.<\/p>\n<p style=\"padding-left: 30px;\">BELMONTE, Danillo Leal; SCANDELARI, Luciano; FRANCISCO, Antonio Carlos de; PILATTI, Luiz Alberto. <a title=\"A Gest\u00e3o do Conhecimento nas pequenas e M\u00e9dias empresas brasileiras\" href=\"_arquivos\/estudodirigido_texto.pdf\" target=\"_blank\">A Gest\u00e3o do Conhecimento nas pequenas e M\u00e9dias empresas brasileiras<\/a>. <em>Publ. UEPG Ci. Hum., Ci. Soc. Apl., Ling., Letras e Artes<\/em>, Ponta Grossa, 13 (2) 121-125, dez. 2005. (<a title=\"Estudo Dirigido\" href=\"_arquivos\/estudodirigido_gc_e_pme_brasileiras.pdf\" target=\"_blank\">Estudo dirigido<\/a>)<\/p>\n<p style=\"padding-left: 30px;\">CARVALHO, Frederico Aisc;\u00a0<a style=\"font-weight: inherit; font-style: inherit; color: #cc6a22;\" title=\"Plataforma LATTES\" href=\"http:\/\/buscatextual.cnpq.br\/buscatextual\/visualizacv.do?metodo=apresentar&amp;id=K4783482H4\" target=\"_blank\">GOULART, \u00cdris Barbosa<\/a>; MATTOS, Max Cirino de.\u00a0<a style=\"font-weight: inherit; font-style: inherit; color: #cc6a22;\" title=\"Artigo na Perspectivas em Gest\u00e3o e Conhecimento\" href=\"https:\/\/max.pro.br\/_arquivos\/2013-PGC.pdf\" target=\"_blank\">Construindo o Conhecimento: um caminho sugerido pela Psicologia e pela Ci\u00eancia da Informa\u00e7\u00e3o<\/a>.\u00a0<a style=\"font-weight: inherit; font-style: inherit; color: #cc6a22;\" title=\"Perspectivas em Gestao &amp; Conhecimento\" href=\"http:\/\/periodicos.ufpb.br\/ojs2\/index.php\/pgc\/index\" target=\"_blank\"><em style=\"font-weight: inherit;\">Perspectivas em Gest\u00e3o &amp; Conhecimento<\/em><\/a>, Jo\u00e3o Pessoa, n. esp., v. 3, p.18-29, 2013. ISSN 2236-417X<\/p>\n<p style=\"padding-left: 30px;\">HENRIQUE, Luiz Cl\u00e1udio Junqueira; BARBOSA, Ricardo Rodrigues. <a title=\"Gest\u00e3o da informa\u00e7\u00e3o e do conhecimento organizacionais: em busca de uma heur\u00edstica adaptada \u00e0 cultura brasileira\" href=\"http:\/\/portaldeperiodicos.eci.ufmg.br\/index.php\/pci\/article\/view\/30\/102http:\/\/\" target=\"_blank\">Gest\u00e3o da informa\u00e7\u00e3o e do conhecimento organizacionais: em busca de uma heur\u00edstica adaptada \u00e0 cultura brasileira<\/a>.\u00a0<em>Perspectivas em Ci\u00eancia da Informa\u00e7\u00e3o<\/em>, Belo Horizonte, v.10, n.1, p.4-17, jan.\/jun. 2005.<\/p>\n<p style=\"padding-left: 30px;\">MATTOS, Max Cirino de.\u00a0<a title=\"O papel da tecnologia na constru\u00e7\u00e3o do conhecimento\" href=\"_arquivos\/2012-NAVUS.pdf\" target=\"_blank\">O papel da tecnologia na constru\u00e7\u00e3o do conhecimento<\/a>.<em> NAVUS \u2013 Revista de Gest\u00e3o e Tecnologia<\/em>. Florian\u00f3polis, SC, v. 2, n. 2, p. 33 \u2013 39, jul.\/dez. 2012<\/p>\n<p style=\"padding-left: 30px;\">MORESI, Eduardo Amadeu Dutra; PRADO, H\u00e9rcules Antonio do; ALC\u00c2NTARA, Alexandre de. <a href=\"http:\/\/www.dgz.org.br\/fev10\/Art_04.htm\" target=\"_blank\">Cen\u00e1rios prospectivos, monitora\u00e7\u00e3o ambiental e metadados<\/a>. <em>Datagramazero<\/em>, Rio de Janeiro, v. 11, n. 1, fev-2010.<\/p>\n<p style=\"padding-left: 30px;\"><a title=\"Perspectivas em Ci\u00eancia da Informa\u00e7\u00e3o\" href=\"http:\/\/portaldeperiodicos.eci.ufmg.br\/index.php\/pci\/index\" target=\"_blank\">Perspectivas em Ci\u00eancia da Informa\u00e7\u00e3o<\/a><\/p>\n<p style=\"padding-left: 30px;\"><a title=\"Perspectivas em Gest\u00e3o &amp; Conhecimento\" href=\"http:\/\/periodicos.ufpb.br\/ojs2\/index.php\/pgc\/index\" target=\"_blank\">Perspectivas em Gest\u00e3o &amp; Conhecimento<\/a><\/p>\n<p style=\"padding-left: 30px;\"><a title=\"Portal da ANCIB\" href=\"http:\/\/www.ancib.org.br\/pages\/anais-do-enancib.php\" target=\"_blank\">Portal da ANCIB<\/a> &#8211; Associa\u00e7\u00e3o Nacional de Pesquisa e P\u00f3s-Gradua\u00e7\u00e3o em Ci\u00eancia da Informa\u00e7\u00e3o<\/p>\n<p style=\"padding-left: 30px;\"><a title=\"Artigos CONTECSI\" href=\"_arquivos\/9contecsi.pdf\" target=\"_blank\">Artigos 9 CONTECSI &#8211; 2012<\/a>. Usar somente textos completos &#8211; caso se interesse por um que s\u00f3 possui o resumo, envie um <a href=\"mailto:maxcmattos.prof@gmail.com?subject=CONTECSI 2012\">email<\/a> com o t\u00edtulo que providenciarei o texto completo.<\/p>\n<p style=\"padding-left: 30px;\"><a title=\"Artigos do ENANCIB - GT4\" href=\"_arquivos\/Artigos ENANCIB.html\" target=\"_blank\">Artigos do XIII ENANCIB &#8211; Encontro Nacional de Pesquisa em Ci\u00eancia da Informa\u00e7\u00e3o<br \/>\nGT 4: Gest\u00e3o da Informa\u00e7\u00e3o e do Conhecimento nas Organiza\u00e7\u00f5es<\/a><\/p>\n<p style=\"padding-left: 30px;\">Pesquisar no Google &#8220;Facilitando a Cria\u00e7\u00e3o de Conhecimento: reinventando a empresa com o poder da inova\u00e7\u00e3o cont\u00ednua. Georg von Krogh, Kazuo Ichijo e Ikujiro Nonaka&#8221;. Partes 1, 2 e 3.<\/p>\n<p><strong><span style=\"text-decoration: underline;\">Outros materiais para consulta<\/span><br \/>\n<\/strong><\/p>\n<p style=\"padding-left: 30px;\"><a title=\"Uma estrutura universal?\" href=\"?p=1144\">Uma estrutura universal?<\/a><\/p>\n<p style=\"padding-left: 30px;\"><a title=\"Voc\u00ea \u00e9 hands on? (Max Gehringer)\" href=\"?p=281\">GEHRINGER, Max. Voc\u00ea \u00e9 hands on?<\/a><\/p>\n<p style=\"padding-left: 30px;\"><a title=\"A Quinta Onda\" href=\"http:\/\/aquintaonda.blogspot.com.br\/2012\/08\/midias-sociais-empresas-pesquisa-redes.html?utm_source=feedburner&amp;utm_medium=feed&amp;utm_campaign=Feed:+AQuintaOnda+%28A+Quinta+Onda%29\" target=\"_blank\">A Quinta Onda<\/a>: Retrato do uso das m\u00eddias sociais nas empresas brasileiras<\/p>\n<p style=\"padding-left: 30px;\"><a title=\"V\u00eddeos - GIC\" href=\"http:\/\/www.youtube.com\/playlist?list=PL93DBA4DA1196D638&amp;feature=plcp\" target=\"_blank\">V\u00eddeos selecionados<\/a><\/p>\n<p style=\"padding-left: 30px;\"><a title=\"Revista PRODEMGE\" href=\"http:\/\/www.prodemge.mg.gov.br\/revista-fonte\" target=\"_blank\">Revista PRODEMGE<\/a> n.10 &#8211; <a title=\"Revista Fonte - Gest\u00e3o do Conhecimento\" href=\"http:\/\/www.prodemge.mg.gov.br\/images\/revistafonte\/revista_10.pdf\" target=\"_blank\">Gest\u00e3o do Conhecimento<\/a><\/p>\n<p style=\"padding-left: 30px;\"><a title=\"Revista PRODEMGE\" href=\"http:\/\/www.prodemge.mg.gov.br\/revista-fonte\" target=\"_blank\">Revista PRODEMGE<\/a> n.11 &#8211; <a title=\"Revista Fonte - Redes Sociais\" href=\"http:\/\/www.prodemge.mg.gov.br\/images\/revistafonte\/revista_11_web.pdf\" target=\"_blank\">Redes Sociais<\/a><\/p>\n<p><strong><span style=\"text-decoration: underline;\">Material usado em sala (slides)<\/span><br \/>\n<\/strong><\/p>\n<p style=\"padding-left: 30px;\"><a title=\"Aula 02a - Vis\u00e3o Informacional\" href=\"_arquivos\/Aula 02a - Visao Informacional.pdf\" target=\"_blank\">Aula 02a &#8211; Vis\u00e3o Informacional<\/a><\/p>\n<p style=\"padding-left: 30px;\"><a title=\"Aula 02b - Processo Decis\u00f3rio Informacional\" href=\"_arquivos\/Aula 02b - Processo Decisorio Informacional.pdf\" target=\"_blank\">Aula 02b &#8211; Processo Decis\u00f3rio Informacional<\/a><\/p>\n<p style=\"padding-left: 30px;\"><a title=\"Aula 03a - Conceitos GC\" href=\"_arquivos\/Aula 03a - Conceitos GC.pdf\" target=\"_blank\">Aula 03a &#8211; Conceitos GC<\/a><\/p>\n<p style=\"padding-left: 30px;\"><a title=\"Aula 04a - Informa\u00e7\u00f5es Internas.pdf\" href=\"_arquivos\/Aula 04a - Informacoes Internas.pdf\" target=\"_blank\">Aula 04a &#8211; Informa\u00e7\u00f5es Internas<\/a><\/p>\n<p><span style=\"font-size: xx-small;\"><strong><a href=\"?page_id=117\">INTRODU\u00c7\u00c3O<\/a> &#8211; <a href=\"?page_id=370\">DISCIPLINA<\/a> &#8211; <em><span style=\"color: #ff0000;\">BIBLIOGRAFIA <\/span><\/em>&#8211; <a href=\"?page_id=353\">AVALIA\u00c7\u00c3O<\/a> &#8211; <a href=\"?page_id=653\">DEPOIMENTOS<\/a><\/strong><\/span><\/p>\n","protected":false},"excerpt":{"rendered":"<p>INTRODU\u00c7\u00c3O &#8211; DISCIPLINA &#8211; BIBLIOGRAFIA &#8211; AVALIA\u00c7\u00c3O &#8211; DEPOIMENTOS Bibliografia introdut\u00f3ria MATTOS, Max Cirino de;\u00a0GOULART, \u00cdris Barbosa. Da possibilidade de &hellip; <span class=\"more-link\"><a href=\"https:\/\/max.pro.br\/?page_id=347\">Continue Reading<\/a><\/span><\/p>\n","protected":false},"author":1,"featured_media":0,"parent":117,"menu_order":0,"comment_status":"closed","ping_status":"closed","template":"","meta":{"footnotes":""},"class_list":["post-347","page","type-page","status-publish","hentry"],"_links":{"self":[{"href":"https:\/\/max.pro.br\/index.php?rest_route=\/wp\/v2\/pages\/347","targetHints":{"allow":["GET"]}}],"collection":[{"href":"https:\/\/max.pro.br\/index.php?rest_route=\/wp\/v2\/pages"}],"about":[{"href":"https:\/\/max.pro.br\/index.php?rest_route=\/wp\/v2\/types\/page"}],"author":[{"embeddable":true,"href":"https:\/\/max.pro.br\/index.php?rest_route=\/wp\/v2\/users\/1"}],"replies":[{"embeddable":true,"href":"https:\/\/max.pro.br\/index.php?rest_route=%2Fwp%2Fv2%2Fcomments&post=347"}],"version-history":[{"count":6,"href":"https:\/\/max.pro.br\/index.php?rest_route=\/wp\/v2\/pages\/347\/revisions"}],"predecessor-version":[{"id":2043,"href":"https:\/\/max.pro.br\/index.php?rest_route=\/wp\/v2\/pages\/347\/revisions\/2043"}],"up":[{"embeddable":true,"href":"https:\/\/max.pro.br\/index.php?rest_route=\/wp\/v2\/pages\/117"}],"wp:attachment":[{"href":"https:\/\/max.pro.br\/index.php?rest_route=%2Fwp%2Fv2%2Fmedia&parent=347"}],"curies":[{"name":"wp","href":"https:\/\/api.w.org\/{rel}","templated":true}]}}